{"id":4496,"date":"2021-09-10T16:04:20","date_gmt":"2021-09-10T14:04:20","guid":{"rendered":"https:\/\/campingsigean.com\/nuestras-sedes\/"},"modified":"2023-05-22T15:09:50","modified_gmt":"2023-05-22T13:09:50","slug":"nuestras-sedes","status":"publish","type":"page","link":"https:\/\/campingsigean.com\/es\/nuestras-sedes\/","title":{"rendered":"Nuestras sedes"},"content":{"rendered":"<section id=\"ls-section-block_0333cb2999a0506816fa8ed929948dc0\" class=\"ls-section  has-m-t m-t-0 has-m-b m-b-0 has-m-l m-l-0 has-m-r m-r-0 has-p-t p-t-0 has-p-b p-b-0 has-p-l p-l-0 has-p-r p-r-0\" >\r\n        <div class=\"container container--wide\">\r\n        \n\n<h1 class=\"ls__heading-undefined has-text-align-center post__heading-undefined wp-block-heading\"> <strong>Alquilar una parcela<\/strong> en Sigean  <\/h1>\n\n\n\n<div id=\"ls-hebergements-block_af3eb9121e3a2cf919cf7f1c75bbe4fc\" class=\"ls-hebergements\" >\n    \n    <div class=\"ls-customizer\">\n\n    <div class=\"ls-customizer__filters\">\n        <div class=\"ls-customizer__filters__close\">\n            <i class=\"fas fa-times\"><\/i>\n        <\/div>\n\n        <div class=\"ls-customizer__filters__title\">\n            <b>Filtros<\/b>\n            <span class=\"ls-customizer__filters__clear\"><i class=\"fas fa-times\"><\/i> Borrar filtros<\/span>\n        <\/div>\n\n                \n        <!-- Filtres ACF fields -->\n        \n                                <!-- Filtre nombre_de_personnes -->\n                        <div class=\"filter\" id=\"filter-nombre_de_personnes\">\n                <div class=\"filter__title\">Capacidad m\u00e1xima<i class=\"fas fa-angle-down\"><\/i><\/div>\n                <fieldset data-filter=\"nombre_de_personnes\" data-operator=\"<=\" class=\"input\">\n                    \n                    <div><input type=\"radio\" name=\"nombre_de_personnes\" id=\"nombre_de_personnes-all\"  class=\"checkbox\" \/><label for='nombre_de_personnes-all'>Tous<\/label><\/div><div><input type=\"radio\" name=\"nombre_de_personnes\" id=\"nombre_de_personnes-2\" value=\"2\" class=\"checkbox\"  \/><label for='nombre_de_personnes-2'>Hasta 2 persona<\/label><\/div><div><input type=\"radio\" name=\"nombre_de_personnes\" id=\"nombre_de_personnes-4\" value=\"4\" class=\"checkbox\"  \/><label for='nombre_de_personnes-4'>Hasta 4 persona<\/label><\/div><div><input type=\"radio\" name=\"nombre_de_personnes\" id=\"nombre_de_personnes-5\" value=\"5\" class=\"checkbox\"  \/><label for='nombre_de_personnes-5'>Hasta 5 persona<\/label><\/div><div><input type=\"radio\" name=\"nombre_de_personnes\" id=\"nombre_de_personnes-6\" value=\"6\" class=\"checkbox\"  \/><label for='nombre_de_personnes-6'>Hasta 6 persona<\/label><\/div>                <\/fieldset>\n            <\/div>\n                                <!-- Filtre nombre_de_chambres -->\n                        <div class=\"filter\" id=\"filter-nombre_de_chambres\">\n                <div class=\"filter__title\">N\u00famero de habitaciones<i class=\"fas fa-angle-down\"><\/i><\/div>\n                <fieldset data-filter=\"nombre_de_chambres\" data-operator=\"==\" class=\"input\">\n                    \n                    <div><input type=\"radio\" name=\"nombre_de_chambres\" id=\"nombre_de_chambres-all\"  class=\"checkbox\" \/><label for='nombre_de_chambres-all'>Tous<\/label><\/div><div><input type=\"radio\" name=\"nombre_de_chambres\" id=\"nombre_de_chambres-1\" value=\"1\" class=\"checkbox\"  \/><label for='nombre_de_chambres-1'>1<\/label><\/div><div><input type=\"radio\" name=\"nombre_de_chambres\" id=\"nombre_de_chambres-2\" value=\"2\" class=\"checkbox\"  \/><label for='nombre_de_chambres-2'>2<\/label><\/div><div><input type=\"radio\" name=\"nombre_de_chambres\" id=\"nombre_de_chambres-3\" value=\"3\" class=\"checkbox\"  \/><label for='nombre_de_chambres-3'>3<\/label><\/div>                <\/fieldset>\n            <\/div>\n                    \n        <div id=\"validate-filters\" class=\"ls-button\">Valider la s\u00e9lection<\/div>\n\n        \n    <\/div>\n\n    <div class=\"ls-customizer__orders\">\n        <i class=\"fas fa-sort\"><\/i>\n        <select class=\"select-order\">\n            <option selected value=\"\">Trier par<\/option>\n            <option value=\"price-asc\">Prix croissant<\/option>\n            <option value=\"price-desc\">Prix d\u00e9croissant<\/option>\n        <\/select>\n    <\/div>\n\n<\/div><div class=\"ls-hebergements__results test\" data-row=\"3\" data-campings=\"false\" data-types=\"[102]\"><div class='categorie_hebergements_wrapper' id='wrapper_camping'><div class='categorie_hebergements' id='camping'>Camping traditionnel<\/div><div class='categorie_hebergements_grid'><div class=\"ls-hebergement\" data-postid='2666' data-id-reservation='69935' data-id-site='' data-id1='' data-nombre_de_personnes='6' data-nombre_de_chambres='' data-type='pitch-fr'>\n\t<div class=\"ls-hebergement__thumb\">\n\t\t<img decoding=\"async\" src=\"https:\/\/campingsigean.com\/wp-content\/uploads\/2022\/01\/0-467672-scaled.jpg\" alt=\"PARCELA DE CAMPING + LUZ (6A)\"\/>\n\t<\/div>\n\t<div class=\"ls-hebergement__title\">\n\t\tPARCELA DE CAMPING + LUZ (6A)\t\t\n\t<\/div>\n\n\t<div class=\"ls-hebergement__details\">\n\n\t\t<div class=\"ls-hebergement__icons\">\n\n\t\t\t\t\t\t\t<span class=\"ls-hebergement__icon\">\n\t\t\t\t\t<i class=\"fas fa-users\"><\/i>\n\t\t\t\t\t6\t\t\t\t<\/span>\n\t\t\t\n\t\t\t\n\t\t\t\n\t\t<\/div>\n\n\n\t\t<div class=\"ls-hebergement__infos\">\n\t\t\t\t\t\t\t\t<\/div>\n\t<\/div>\n\n\t<div class=\"ls-hebergement__details\">\n\n\t\t<div class=\"ls-hebergement__icons\">\n\n\t\t\t\n\t\t\t\n\t\t\t\n\t\t\t\n\t\t\t\n\t\t\t\n\t\t\t\n\t\t\t\n\t\t\t\n\t\t\t\t\t\t\t<span class=\"ls-hebergement__icon\">\n\t\t\t\t\t<i class=\"grange-dog\" style=\"display: flex;\"><\/i>\n\t\t\t\t<\/span>\n\t\t\t\n\n\t\t<\/div>\n\t<\/div>\n\n\t<div class=\"ls-hebergement__disponibilites\">M\u00e1s informaci\u00f3n +<\/div>\n<\/div><div class=\"ls-hebergement\" data-postid='11512' data-id-reservation='138394' data-id-site='' data-id1='' data-nombre_de_personnes='6' data-nombre_de_chambres='' data-type='pitch-fr'>\n\t<div class=\"ls-hebergement__thumb\">\n\t\t<img decoding=\"async\" src=\"https:\/\/campingsigean.com\/wp-content\/uploads\/2025\/06\/0-1358192.jpg\" alt=\"PARCELA DE CAMPING XL (14m x 7m)+ LUZ (10A)\"\/>\n\t<\/div>\n\t<div class=\"ls-hebergement__title\">\n\t\tPARCELA DE CAMPING XL (14m x 7m)+ LUZ (10A)\t\t\n\t<\/div>\n\n\t<div class=\"ls-hebergement__details\">\n\n\t\t<div class=\"ls-hebergement__icons\">\n\n\t\t\t\t\t\t\t<span class=\"ls-hebergement__icon\">\n\t\t\t\t\t<i class=\"fas fa-users\"><\/i>\n\t\t\t\t\t6\t\t\t\t<\/span>\n\t\t\t\n\t\t\t\n\t\t\t\n\t\t<\/div>\n\n\n\t\t<div class=\"ls-hebergement__infos\">\n\t\t\t\t\t\t\t\t<\/div>\n\t<\/div>\n\n\t<div class=\"ls-hebergement__details\">\n\n\t\t<div class=\"ls-hebergement__icons\">\n\n\t\t\t\n\t\t\t\n\t\t\t\n\t\t\t\n\t\t\t\n\t\t\t\n\t\t\t\n\t\t\t\n\t\t\t\n\t\t\t\t\t\t\t<span class=\"ls-hebergement__icon\">\n\t\t\t\t\t<i class=\"grange-dog\" style=\"display: flex;\"><\/i>\n\t\t\t\t<\/span>\n\t\t\t\n\n\t\t<\/div>\n\t<\/div>\n\n\t<div class=\"ls-hebergement__disponibilites\">M\u00e1s informaci\u00f3n +<\/div>\n<\/div><\/div><\/div><\/div><\/div>\n\n\n<div id=\"ls-hebergements-block_5f47e06175b214aed6842df9ffba842b\" class=\"ls-hebergements\" >\n    \n    <div class=\"ls-customizer\">\n\n    <div class=\"ls-customizer__filters\">\n        <div class=\"ls-customizer__filters__close\">\n            <i class=\"fas fa-times\"><\/i>\n        <\/div>\n\n        <div class=\"ls-customizer__filters__title\">\n            <b>Filtros<\/b>\n            <span class=\"ls-customizer__filters__clear\"><i class=\"fas fa-times\"><\/i> Borrar filtros<\/span>\n        <\/div>\n\n                \n        <!-- Filtres ACF fields -->\n        \n                                <!-- Filtre nombre_de_personnes -->\n                        <div class=\"filter\" id=\"filter-nombre_de_personnes\">\n                <div class=\"filter__title\">Capacidad m\u00e1xima<i class=\"fas fa-angle-down\"><\/i><\/div>\n                <fieldset data-filter=\"nombre_de_personnes\" data-operator=\"<=\" class=\"input\">\n                    \n                    <div><input type=\"radio\" name=\"nombre_de_personnes\" id=\"nombre_de_personnes-all\"  class=\"checkbox\" \/><label for='nombre_de_personnes-all'>Tous<\/label><\/div><div><input type=\"radio\" name=\"nombre_de_personnes\" id=\"nombre_de_personnes-2\" value=\"2\" class=\"checkbox\"  \/><label for='nombre_de_personnes-2'>Hasta 2 persona<\/label><\/div><div><input type=\"radio\" name=\"nombre_de_personnes\" id=\"nombre_de_personnes-4\" value=\"4\" class=\"checkbox\"  \/><label for='nombre_de_personnes-4'>Hasta 4 persona<\/label><\/div><div><input type=\"radio\" name=\"nombre_de_personnes\" id=\"nombre_de_personnes-5\" value=\"5\" class=\"checkbox\"  \/><label for='nombre_de_personnes-5'>Hasta 5 persona<\/label><\/div><div><input type=\"radio\" name=\"nombre_de_personnes\" id=\"nombre_de_personnes-6\" value=\"6\" class=\"checkbox\"  \/><label for='nombre_de_personnes-6'>Hasta 6 persona<\/label><\/div>                <\/fieldset>\n            <\/div>\n                                <!-- Filtre nombre_de_chambres -->\n                        <div class=\"filter\" id=\"filter-nombre_de_chambres\">\n                <div class=\"filter__title\">N\u00famero de habitaciones<i class=\"fas fa-angle-down\"><\/i><\/div>\n                <fieldset data-filter=\"nombre_de_chambres\" data-operator=\"==\" class=\"input\">\n                    \n                    <div><input type=\"radio\" name=\"nombre_de_chambres\" id=\"nombre_de_chambres-all\"  class=\"checkbox\" \/><label for='nombre_de_chambres-all'>Tous<\/label><\/div><div><input type=\"radio\" name=\"nombre_de_chambres\" id=\"nombre_de_chambres-1\" value=\"1\" class=\"checkbox\"  \/><label for='nombre_de_chambres-1'>1<\/label><\/div><div><input type=\"radio\" name=\"nombre_de_chambres\" id=\"nombre_de_chambres-2\" value=\"2\" class=\"checkbox\"  \/><label for='nombre_de_chambres-2'>2<\/label><\/div><div><input type=\"radio\" name=\"nombre_de_chambres\" id=\"nombre_de_chambres-3\" value=\"3\" class=\"checkbox\"  \/><label for='nombre_de_chambres-3'>3<\/label><\/div>                <\/fieldset>\n            <\/div>\n                    \n        <div id=\"validate-filters\" class=\"ls-button\">Valider la s\u00e9lection<\/div>\n\n        \n    <\/div>\n\n    <div class=\"ls-customizer__orders\">\n        <i class=\"fas fa-sort\"><\/i>\n        <select class=\"select-order\">\n            <option selected value=\"\">Trier par<\/option>\n            <option value=\"price-asc\">Prix croissant<\/option>\n            <option value=\"price-desc\">Prix d\u00e9croissant<\/option>\n        <\/select>\n    <\/div>\n\n<\/div><div class=\"ls-hebergements__results test\" data-row=\"3\" data-campings=\"false\" data-types=\"[144,141]\"><div class='categorie_hebergements_wrapper' id='wrapper_insolite'><div class='categorie_hebergements' id='insolite'>Les Insolites (sans sanitaires)<\/div><div class='categorie_hebergements_grid'><div class=\"ls-hebergement\" data-postid='9366' data-id-reservation='115854' data-id-site='' data-id1='' data-nombre_de_personnes='2' data-nombre_de_chambres='1' data-type='accommodation-fr roulotte-fr'>\n\t<div class=\"ls-hebergement__thumb\">\n\t\t<img decoding=\"async\" src=\"https:\/\/campingsigean.com\/wp-content\/uploads\/2022\/07\/0-1034065.jpg\" alt=\"CARAVANA INUSUAL &#8211; Reservar Vista &#8211; Servicios del hotel incluidos\"\/>\n\t<\/div>\n\t<div class=\"ls-hebergement__title\">\n\t\tCARAVANA INUSUAL &#8211; Reservar Vista &#8211; Servicios del hotel incluidos\t\t\n\t<\/div>\n\n\t<div class=\"ls-hebergement__details\">\n\n\t\t<div class=\"ls-hebergement__icons\">\n\n\t\t\t\t\t\t\t<span class=\"ls-hebergement__icon\">\n\t\t\t\t\t<i class=\"fas fa-users\"><\/i>\n\t\t\t\t\t2\t\t\t\t<\/span>\n\t\t\t\n\t\t\t\n\t\t\t\n\t\t<\/div>\n\n\n\t\t<div class=\"ls-hebergement__infos\">\n\t\t\t\t\t\t\t<span class=\"ls-hebergement__detail\">\n\t\t\t\t\t<i class=\"fas fa-bed\"><\/i>\n\t\t\t\t\t\t\t\t\t\t 1 \t\t\t\t\n\t\t\t\t\t\t\t\t\t<\/span>\n\t\t\t\t\t\t\t\t\t\t<span class=\"ls-hebergement__detail size\">\n\t\t\t\t\t15m\u00b2\n\t\t\t\t<\/span>\n\t\t\t\t\t<\/div>\n\t<\/div>\n\n\t<div class=\"ls-hebergement__details\">\n\n\t\t<div class=\"ls-hebergement__icons\">\n\n\t\t\t\n\t\t\t\t\t\t\t<span class=\"ls-hebergement__icon\">\n\t\t\t\t\t<i class=\"grange-animaux-interdit\" style=\"display: flex;\"><\/i>\n\t\t\t\t<\/span>\n\t\t\t\n\t\t\t\n\t\t\t\t\t\t\t<span class=\"ls-hebergement__icon\">\n\t\t\t\t\t<i class=\"grange-sanitaire-barre\" style=\"display: flex;\"><\/i>\n\t\t\t\t<\/span>\n\t\t\t\n\t\t\t\n\t\t\t\n\t\t\t\n\t\t\t\t\t\t\t<span class=\"ls-hebergement__icon\">\n\t\t\t\t\t<i class=\"grange-terrasses\" style=\"display: flex;\"><\/i>\n\t\t\t\t<\/span>\n\t\t\t\n\t\t\t\n\t\t\t\n\n\t\t<\/div>\n\t<\/div>\n\n\t<div class=\"ls-hebergement__disponibilites\">M\u00e1s informaci\u00f3n +<\/div>\n<\/div><div class=\"ls-hebergement\" data-postid='9431' data-id-reservation='116056' data-id-site='' data-id1='' data-nombre_de_personnes='4' data-nombre_de_chambres='2' data-type='bungalow-toile-fr accommodation-fr'>\n\t<div class=\"ls-hebergement__thumb\">\n\t\t<img decoding=\"async\" src=\"https:\/\/campingsigean.com\/wp-content\/uploads\/2022\/09\/0-1036757.jpg\" alt=\"COCO SWEET INUSUAL &#8211; Lado del jard\u00edn\"\/>\n\t<\/div>\n\t<div class=\"ls-hebergement__title\">\n\t\tCOCO SWEET INUSUAL &#8211; Lado del jard\u00edn\t\t\n\t<\/div>\n\n\t<div class=\"ls-hebergement__details\">\n\n\t\t<div class=\"ls-hebergement__icons\">\n\n\t\t\t\t\t\t\t<span class=\"ls-hebergement__icon\">\n\t\t\t\t\t<i class=\"fas fa-users\"><\/i>\n\t\t\t\t\t4\t\t\t\t<\/span>\n\t\t\t\n\t\t\t\n\t\t\t\n\t\t<\/div>\n\n\n\t\t<div class=\"ls-hebergement__infos\">\n\t\t\t\t\t\t\t<span class=\"ls-hebergement__detail\">\n\t\t\t\t\t<i class=\"fas fa-bed\"><\/i>\n\t\t\t\t\t\t\t\t\t\t 2 \t\t\t\t\t\t\t\t\t<\/span>\n\t\t\t\t\t\t\t\t\t\t<span class=\"ls-hebergement__detail size\">\n\t\t\t\t\t16m\u00b2\n\t\t\t\t<\/span>\n\t\t\t\t\t<\/div>\n\t<\/div>\n\n\t<div class=\"ls-hebergement__details\">\n\n\t\t<div class=\"ls-hebergement__icons\">\n\n\t\t\t\n\t\t\t\t\t\t\t<span class=\"ls-hebergement__icon\">\n\t\t\t\t\t<i class=\"grange-animaux-interdit\" style=\"display: flex;\"><\/i>\n\t\t\t\t<\/span>\n\t\t\t\n\t\t\t\n\t\t\t\t\t\t\t<span class=\"ls-hebergement__icon\">\n\t\t\t\t\t<i class=\"grange-sanitaire-barre\" style=\"display: flex;\"><\/i>\n\t\t\t\t<\/span>\n\t\t\t\n\t\t\t\n\t\t\t\n\t\t\t\n\t\t\t\t\t\t\t<span class=\"ls-hebergement__icon\">\n\t\t\t\t\t<i class=\"grange-terrasses\" style=\"display: flex;\"><\/i>\n\t\t\t\t<\/span>\n\t\t\t\n\t\t\t\n\t\t\t\n\n\t\t<\/div>\n\t<\/div>\n\n\t<div class=\"ls-hebergement__disponibilites\">M\u00e1s informaci\u00f3n +<\/div>\n<\/div><\/div><\/div><\/div><\/div>\n\r\n    <\/div>\r\n<\/section>\n\n<section id=\"ls-section-block_7f143a0e7acc42004274f01851174b3d\" class=\"ls-section  modele p-b-0 has-m-t m-t-0 has-m-b m-b-0 has-m-l m-l-0 has-m-r m-r-0 has-p-t p-t-0 has-p-b p-b-0 has-p-l p-l-0 has-p-r p-r-0\" >\r\n        <div class=\"container container--full\">\r\n        \n\n<div class=\"wp-block-columns valign-middle p-t-0 p-b-0 is-layout-flex wp-container-core-columns-is-layout-3 wp-block-columns-is-layout-flex\">\n<div class=\"wp-block-column fancybox p-r-0 is-layout-flow wp-block-column-is-layout-flow\" style=\"flex-basis:50%\">\n<div class=\"wp-block-columns is-layout-flex wp-container-core-columns-is-layout-1 wp-block-columns-is-layout-flex\">\n<div class=\"wp-block-column is-layout-flow wp-block-column-is-layout-flow\" style=\"flex-basis:33.33%\">\n<figure class=\"wp-block-gallery has-nested-images columns-default is-cropped wp-block-gallery-1 is-layout-flex wp-block-gallery-is-layout-flex\">\n<figure class=\"wp-block-image size-full\"><a href=\"https:\/\/campingsigean.com\/wp-content\/uploads\/2022\/06\/emplacement-sigean-1.jpg\"><img decoding=\"async\" width=\"594\" height=\"694\" src=\"https:\/\/campingsigean.com\/wp-content\/uploads\/2022\/06\/emplacement-sigean-1.jpg\" alt=\"\" class=\"wp-image-9145\" srcset=\"https:\/\/campingsigean.com\/wp-content\/uploads\/2022\/06\/emplacement-sigean-1.jpg 594w, https:\/\/campingsigean.com\/wp-content\/uploads\/2022\/06\/emplacement-sigean-1-257x300.jpg 257w\" sizes=\"(max-width: 594px) 100vw, 594px\" \/><\/a><\/figure>\n<\/figure>\n<\/div>\n\n\n\n<div class=\"wp-block-column is-layout-flow wp-block-column-is-layout-flow\" style=\"flex-basis:66.66%\">\n<figure class=\"wp-block-gallery has-nested-images columns-default is-cropped wp-block-gallery-2 is-layout-flex wp-block-gallery-is-layout-flex\">\n<figure class=\"wp-block-image size-large\"><a href=\"https:\/\/campingsigean.com\/wp-content\/uploads\/2021\/10\/caravaning-sigean.jpg\"><img decoding=\"async\" width=\"1024\" height=\"589\" src=\"https:\/\/campingsigean.com\/wp-content\/uploads\/2021\/10\/caravaning-sigean.jpg\" alt=\"\" class=\"wp-image-5520\" srcset=\"https:\/\/campingsigean.com\/wp-content\/uploads\/2021\/10\/caravaning-sigean.jpg 1024w, https:\/\/campingsigean.com\/wp-content\/uploads\/2021\/10\/caravaning-sigean-300x173.jpg 300w, https:\/\/campingsigean.com\/wp-content\/uploads\/2021\/10\/caravaning-sigean-768x442.jpg 768w\" sizes=\"(max-width: 1024px) 100vw, 1024px\" \/><\/a><\/figure>\n<\/figure>\n<\/div>\n<\/div>\n\n\n\n<div class=\"wp-block-columns is-layout-flex wp-container-core-columns-is-layout-2 wp-block-columns-is-layout-flex\">\n<div class=\"wp-block-column is-layout-flow wp-block-column-is-layout-flow\" style=\"flex-basis:66.66%\">\n<figure class=\"wp-block-gallery has-nested-images columns-default is-cropped wp-block-gallery-3 is-layout-flex wp-block-gallery-is-layout-flex\">\n<figure class=\"wp-block-image size-large\"><a href=\"https:\/\/campingsigean.com\/wp-content\/uploads\/2021\/10\/emplacement-camping-car-aude.jpg\"><img decoding=\"async\" width=\"1024\" height=\"588\" src=\"https:\/\/campingsigean.com\/wp-content\/uploads\/2021\/10\/emplacement-camping-car-aude.jpg\" alt=\"air camping car aude\" class=\"wp-image-5540\" srcset=\"https:\/\/campingsigean.com\/wp-content\/uploads\/2021\/10\/emplacement-camping-car-aude.jpg 1024w, https:\/\/campingsigean.com\/wp-content\/uploads\/2021\/10\/emplacement-camping-car-aude-300x172.jpg 300w, https:\/\/campingsigean.com\/wp-content\/uploads\/2021\/10\/emplacement-camping-car-aude-768x441.jpg 768w\" sizes=\"(max-width: 1024px) 100vw, 1024px\" \/><\/a><\/figure>\n<\/figure>\n<\/div>\n\n\n\n<div class=\"wp-block-column is-layout-flow wp-block-column-is-layout-flow\" style=\"flex-basis:33.33%\">\n<figure class=\"wp-block-gallery has-nested-images columns-default is-cropped wp-block-gallery-4 is-layout-flex wp-block-gallery-is-layout-flex\">\n<figure class=\"wp-block-image size-full\"><a href=\"https:\/\/campingsigean.com\/wp-content\/uploads\/2022\/06\/sigean-emplacement.jpg\"><img decoding=\"async\" width=\"594\" height=\"694\" src=\"https:\/\/campingsigean.com\/wp-content\/uploads\/2022\/06\/sigean-emplacement.jpg\" alt=\"sigean-emplacement\" class=\"wp-image-9136\" srcset=\"https:\/\/campingsigean.com\/wp-content\/uploads\/2022\/06\/sigean-emplacement.jpg 594w, https:\/\/campingsigean.com\/wp-content\/uploads\/2022\/06\/sigean-emplacement-257x300.jpg 257w\" sizes=\"(max-width: 594px) 100vw, 594px\" \/><\/a><\/figure>\n<\/figure>\n<\/div>\n<\/div>\n<\/div>\n\n\n\n<div class=\"wp-block-column modele__contenu is-layout-flow wp-block-column-is-layout-flow\" style=\"flex-basis:50%\">\n<h2 class=\"ls__heading-undefined post__heading-undefined wp-block-heading\">Nuestras parcelas de alquiler en el Aude<\/h2>\n\n\n\n<p class=\"ls__paragraph post__paragraph\">Nuestro camping le ofrece un alquiler de parcela al mejorprecio en Sigean. <strong>82 amplias parcelas<\/strong> (de 80 a 100 m\u00b2) le esperan. Elige el m\u00e1s adecuado, a la sombra o al sol.<\/p>\n\n\n\n<p class=\"ls__paragraph post__paragraph\">Son ideales para una caravana o autocaravana. Cada una de ellas tiene capacidad para un m\u00e1ximo de 6 personas. 52 de nuestras parcelas incluyen acceso a la electricidad; hay un <strong>terminal de electricidad<\/strong> cada 6 parcelas.  <\/p>\n\n\n\n<p class=\"ls__paragraph post__paragraph\">No espere m\u00e1s para reservar su parcela en el Aude. Bordeadas por setos, su privacidad est\u00e1 preservada y muchas de ellas ofrecen una espl\u00e9ndida vista de la reserva africana. Se admiten animales.<\/p>\n\n\n\n<h2 class=\"ls__heading-undefined post__heading-undefined p-t-4 wp-block-heading\">Instalaciones sanitarias de calidad en Sigean<\/h2>\n\n\n\n<p class=\"ls__paragraph post__paragraph\">Aproveche el alquiler de parcelas en el Aude durante sus vacaciones en<strong> <\/strong>, pero tambi\u00e9n<strong> <\/strong>de un <strong>bloque sanitario<\/strong> de 3 estrellas.<\/p>\n\n\n\n<p class=\"ls__paragraph post__paragraph\">Ideal para la pr\u00e1ctica del caravaning, el <a href=\"\/es\/\">camping de Sigean<\/a> le ofrece todo el confort que puede esperar, con aseos, cabinas de ducha y lavabos. Una buena raz\u00f3n para reservar r\u00e1pidamente su alquiler de parcelas en Sigean.  <\/p>\n\n\n\n<p class=\"ls__paragraph post__paragraph\">Limpias y bien mantenidas, nuestras instalaciones sanitarias se complementan con <strong>puntos de agua<\/strong> en m\u00faltiples lugares del camping. Son pr\u00e1cticos tanto para los adultos como para los ni\u00f1os.<\/p>\n<\/div>\n<\/div>\n\n\r\n    <\/div>\r\n<\/section>\n\n<section id=\"ls-section-block_b5b245c2f8c7d7369d5d6fa45af50b30\" class=\"ls-section  modele p-t-0 p-b-0 has-m-t m-t-0 has-m-b m-b-0 has-m-l m-l-0 has-m-r m-r-0 has-p-t p-t-0 has-p-b p-b-0 has-p-l p-l-0 has-p-r p-r-0\" >\r\n        <div class=\"container container--full\">\r\n        \n\n<div class=\"wp-block-columns valign-middle p-t-0 p-b-0 is-layout-flex wp-container-core-columns-is-layout-6 wp-block-columns-is-layout-flex\">\n<div class=\"wp-block-column modele__contenu is-layout-flow wp-block-column-is-layout-flow\" style=\"flex-basis:50%\">\n<h2 class=\"ls__heading-undefined post__heading-undefined wp-block-heading\">Varios alquileres de parcelas<\/h2>\n\n\n\n<p class=\"ls__paragraph post__paragraph\">Nuestro camping le ofrece la posibilidad de <strong>alquilar parcelas en Sigean<\/strong>, pero tambi\u00e9n de tomar prestados diversos objetos de uso cotidiano para facilitar su estancia.  <br>Otras posibilidades de alquiler de las parcelas:<br><\/p>\n\n\n\n<ul class=\"ls__list-undefined post__list-undefined wp-block-list\" value=\"<li class=&quot;ls__list-item is-item-undefined&quot;&gt;refrigerador (bajo ciertas condiciones),<\/li&gt;<li class=&quot;ls__list-item is-item-undefined&quot;&gt;sino tambi\u00e9n una barbacoa el\u00e9ctrica para disfrutar de la comida a la parrilla en las noches de verano (5 \u20ac).<\/li&gt;\"><li>refrigerador (bajo ciertas condiciones),<\/li><li>sino tambi\u00e9n una barbacoa el\u00e9ctrica para disfrutar de la comida a la parrilla en las noches de verano (5 \u20ac).<\/li><\/ul>\n\n\n\n<p class=\"ls__paragraph post__paragraph\">Aproveche el alquiler de su casa m\u00f3vil o de su parcela en el Aude para instalar una caravana o una autocaravana y disfrutar de sus vacaciones.<\/p>\n<\/div>\n\n\n\n<div class=\"wp-block-column fancybox p-l-0 is-layout-flow wp-block-column-is-layout-flow\" style=\"flex-basis:50%\">\n<div class=\"wp-block-columns is-layout-flex wp-container-core-columns-is-layout-4 wp-block-columns-is-layout-flex\">\n<div class=\"wp-block-column is-layout-flow wp-block-column-is-layout-flow\" style=\"flex-basis:33.33%\">\n<figure class=\"wp-block-gallery has-nested-images columns-default is-cropped wp-block-gallery-5 is-layout-flex wp-block-gallery-is-layout-flex\">\n<figure class=\"wp-block-image size-large\"><a href=\"https:\/\/campingsigean.com\/wp-content\/uploads\/2021\/10\/location-emplacement-aude.jpg\"><img decoding=\"async\" width=\"1024\" height=\"589\" src=\"https:\/\/campingsigean.com\/wp-content\/uploads\/2021\/10\/location-emplacement-aude.jpg\" alt=\"location emplacement aude\" class=\"wp-image-5527\" srcset=\"https:\/\/campingsigean.com\/wp-content\/uploads\/2021\/10\/location-emplacement-aude.jpg 1024w, https:\/\/campingsigean.com\/wp-content\/uploads\/2021\/10\/location-emplacement-aude-300x173.jpg 300w, https:\/\/campingsigean.com\/wp-content\/uploads\/2021\/10\/location-emplacement-aude-768x442.jpg 768w\" sizes=\"(max-width: 1024px) 100vw, 1024px\" \/><\/a><\/figure>\n<\/figure>\n<\/div>\n\n\n\n<div class=\"wp-block-column is-layout-flow wp-block-column-is-layout-flow\" style=\"flex-basis:66.66%\">\n<figure class=\"wp-block-gallery has-nested-images columns-default is-cropped wp-block-gallery-6 is-layout-flex wp-block-gallery-is-layout-flex\">\n<figure class=\"wp-block-image size-large\"><a href=\"https:\/\/campingsigean.com\/wp-content\/uploads\/2021\/08\/camping-car-sigean.jpg\"><img decoding=\"async\" width=\"1024\" height=\"589\" src=\"https:\/\/campingsigean.com\/wp-content\/uploads\/2021\/08\/camping-car-sigean-1024x589.jpg\" alt=\"camping car sigean\" class=\"wp-image-2812\" srcset=\"https:\/\/campingsigean.com\/wp-content\/uploads\/2021\/08\/camping-car-sigean-1024x589.jpg 1024w, https:\/\/campingsigean.com\/wp-content\/uploads\/2021\/08\/camping-car-sigean-300x172.jpg 300w, https:\/\/campingsigean.com\/wp-content\/uploads\/2021\/08\/camping-car-sigean-768x442.jpg 768w, https:\/\/campingsigean.com\/wp-content\/uploads\/2021\/08\/camping-car-sigean-1536x883.jpg 1536w, https:\/\/campingsigean.com\/wp-content\/uploads\/2021\/08\/camping-car-sigean.jpg 1990w\" sizes=\"(max-width: 1024px) 100vw, 1024px\" \/><\/a><\/figure>\n<\/figure>\n<\/div>\n<\/div>\n\n\n\n<div class=\"wp-block-columns is-layout-flex wp-container-core-columns-is-layout-5 wp-block-columns-is-layout-flex\">\n<div class=\"wp-block-column is-layout-flow wp-block-column-is-layout-flow\" style=\"flex-basis:66.66%\">\n<figure class=\"wp-block-gallery has-nested-images columns-default is-cropped wp-block-gallery-7 is-layout-flex wp-block-gallery-is-layout-flex\">\n<figure class=\"wp-block-image size-large\"><a href=\"https:\/\/campingsigean.com\/wp-content\/uploads\/2021\/10\/vacances-caravaning-sigean.jpg\"><img decoding=\"async\" width=\"1024\" height=\"589\" src=\"https:\/\/campingsigean.com\/wp-content\/uploads\/2021\/10\/vacances-caravaning-sigean.jpg\" alt=\"vacances caravaning sigean\" class=\"wp-image-5508\" srcset=\"https:\/\/campingsigean.com\/wp-content\/uploads\/2021\/10\/vacances-caravaning-sigean.jpg 1024w, https:\/\/campingsigean.com\/wp-content\/uploads\/2021\/10\/vacances-caravaning-sigean-300x173.jpg 300w, https:\/\/campingsigean.com\/wp-content\/uploads\/2021\/10\/vacances-caravaning-sigean-768x442.jpg 768w\" sizes=\"(max-width: 1024px) 100vw, 1024px\" \/><\/a><\/figure>\n<\/figure>\n<\/div>\n\n\n\n<div class=\"wp-block-column is-layout-flow wp-block-column-is-layout-flow\" style=\"flex-basis:33.33%\">\n<figure class=\"wp-block-gallery has-nested-images columns-default is-cropped wp-block-gallery-8 is-layout-flex wp-block-gallery-is-layout-flex\">\n<figure class=\"wp-block-image size-large\"><a href=\"https:\/\/campingsigean.com\/wp-content\/uploads\/2021\/08\/caravaning-aude.jpg\"><img decoding=\"async\" width=\"1024\" height=\"589\" src=\"https:\/\/campingsigean.com\/wp-content\/uploads\/2021\/08\/caravaning-aude-1024x589.jpg\" alt=\"caravaning aude\" class=\"wp-image-2788\" srcset=\"https:\/\/campingsigean.com\/wp-content\/uploads\/2021\/08\/caravaning-aude-1024x589.jpg 1024w, https:\/\/campingsigean.com\/wp-content\/uploads\/2021\/08\/caravaning-aude-300x172.jpg 300w, https:\/\/campingsigean.com\/wp-content\/uploads\/2021\/08\/caravaning-aude-768x442.jpg 768w, https:\/\/campingsigean.com\/wp-content\/uploads\/2021\/08\/caravaning-aude-1536x883.jpg 1536w, https:\/\/campingsigean.com\/wp-content\/uploads\/2021\/08\/caravaning-aude.jpg 1990w\" sizes=\"(max-width: 1024px) 100vw, 1024px\" \/><\/a><\/figure>\n<\/figure>\n<\/div>\n<\/div>\n<\/div>\n<\/div>\n\n\r\n    <\/div>\r\n<\/section>\n\n<section id=\"ls-section-block_f3292d2802f1706ca315d7185974104b\" class=\"ls-section  has-m-t m-t-0 has-m-b m-b-0 has-m-l m-l-0 has-m-r m-r-0 has-p-t p-t-0 has-p-b p-b-0 has-p-l p-l-0 has-p-r p-r-0\" >\r\n        <div class=\"container \">\r\n        \n\n<hr class=\"wp-block-separator has-css-opacity is-style-default\"\/>\n\n\n<div class=\"wp-block-image is-style-rounded\">\n<figure class=\"aligncenter size-full\"><img decoding=\"async\" width=\"150\" height=\"150\" src=\"https:\/\/campingsigean.com\/wp-content\/uploads\/2021\/08\/louer-emplecement-sigean.jpg\" alt=\"alquilar sigean\" class=\"wp-image-2840\"\/><\/figure><\/div>\n\n\n<blockquote class=\"wp-block-quote has-text-align-center is-style-large is-layout-flow wp-block-quote-is-layout-flow\">\n<p class=\"ls-paragraph\">\u00abEl personal nos acogi\u00f3 muy bien. La ubicaci\u00f3n era genial, perfecta con una gran vista de los animales de la Reserva Africana\u00bb.<\/p>\n<cite>\u2014 Marie<\/cite><\/blockquote>\n\n\n\n<hr class=\"wp-block-separator has-css-opacity is-style-default\"\/>\n\n\r\n    <\/div>\r\n<\/section>\n\n<section id=\"ls-section-block_0333cb2999a0506816fa8ed929948dc0\" class=\"ls-section  has-m-t m-t-0 has-m-b m-b-0 has-m-l m-l-0 has-m-r m-r-0 has-p-t p-t-0 has-p-b p-b-0 has-p-l p-l-0 has-p-r p-r-0\" >\r\n        <div class=\"container container--wide\">\r\n        \n\n<h2 class=\"ls__heading-undefined has-text-align-center post__heading-undefined wp-block-heading\">  nuestras casas m\u00f3viles y tarifas en sievan  <\/h2>\n\n\n<div id=\"ls-maillage-block_35480511bc005a9af250cc551b794c44\" class=\"ls-maillage has-m-t m-t-0 has-m-b m-b-0 has-m-l m-l-0 has-m-r m-r-0 has-p-t p-t-0 has-p-b p-b-0 has-p-l p-l-0 has-p-r p-r-0\">\n    <div class=\"wp-block-columns\"><div class=\"wp-block-column\">\n\n<a href=\"https:\/\/campingsigean.com\/es\/sigean-familia-campamento\/\" target=\"\" rel=\"noopener\" class=\"ls-cta\">\n\n\t<div class=\"ls-cta__image\"><img decoding=\"async\" src=\"https:\/\/campingsigean.com\/wp-content\/uploads\/2021\/08\/camping-activites-aude-1.jpg\" alt=\"actividades de camping aude\"><\/div>\n\t<div class=\"ls-cta__title\">\n\t\tNuestras actividades\t<\/div>\n\n\t\t\n<\/a><\/div><div class=\"wp-block-column\">\n\n<a href=\"https:\/\/campingsigean.com\/es\/tarifas\/\" target=\"\" rel=\"noopener\" class=\"ls-cta\">\n\n\t<div class=\"ls-cta__image\"><img decoding=\"async\" src=\"https:\/\/campingsigean.com\/wp-content\/uploads\/2024\/12\/IMG_0835-768x902.jpg\" alt=\"camping petit prix aude\"><\/div>\n\t<div class=\"ls-cta__title\">\n\t\tNuestras tarifas\t<\/div>\n\n\t\t\n<\/a><\/div><div class=\"wp-block-column\">\n\n<a href=\"https:\/\/campingsigean.com\/es\/nuestras-casas-moviles\/\" target=\"\" rel=\"noopener\" class=\"ls-cta\">\n\n\t<div class=\"ls-cta__image\"><img decoding=\"async\" src=\"https:\/\/campingsigean.com\/wp-content\/uploads\/2021\/08\/location-hebergement-sigean.jpg\" alt=\"alquiler de viviendas en sigean\"><\/div>\n\t<div class=\"ls-cta__title\">\n\t\tEn las casas m\u00f3viles\t<\/div>\n\n\t\t\n<\/a><\/div><\/div><\/div>\n\r\n    <\/div>\r\n<\/section>","protected":false},"excerpt":{"rendered":"","protected":false},"author":1,"featured_media":5515,"parent":0,"menu_order":0,"comment_status":"closed","ping_status":"closed","template":"","meta":{"_acf_changed":false,"footnotes":""},"sujet":[],"class_list":["post-4496","page","type-page","status-publish","has-post-thumbnail","hentry"],"acf":[],"yoast_head":"<!-- This site is optimized with the Yoast SEO plugin v25.3 - https:\/\/yoast.com\/wordpress\/plugins\/seo\/ -->\n<title>Alquiler parcelas Sigean | Alquiler parcelas en Aude<\/title>\n<meta name=\"robots\" content=\"index, follow, max-snippet:-1, max-image-preview:large, max-video-preview:-1\" \/>\n<link rel=\"canonical\" href=\"https:\/\/campingsigean.com\/es\/nuestras-sedes\/\" \/>\n<meta property=\"og:locale\" content=\"es_ES\" \/>\n<meta property=\"og:type\" content=\"article\" \/>\n<meta property=\"og:title\" content=\"Alquiler parcelas Sigean | Alquiler parcelas en Aude\" \/>\n<meta property=\"og:url\" content=\"https:\/\/campingsigean.com\/es\/nuestras-sedes\/\" \/>\n<meta property=\"og:site_name\" content=\"Camping Grange Neuve\" \/>\n<meta property=\"article:modified_time\" content=\"2023-05-22T13:09:50+00:00\" \/>\n<meta property=\"og:image\" content=\"https:\/\/campingsigean.com\/wp-content\/uploads\/2021\/10\/louer-emplacement-aude.jpg\" \/>\n\t<meta property=\"og:image:width\" content=\"1902\" \/>\n\t<meta property=\"og:image:height\" content=\"562\" \/>\n\t<meta property=\"og:image:type\" content=\"image\/jpeg\" \/>\n<meta name=\"twitter:card\" content=\"summary_large_image\" \/>\n<meta name=\"twitter:label1\" content=\"Tiempo de lectura\" \/>\n\t<meta name=\"twitter:data1\" content=\"4 minutos\" \/>\n<script type=\"application\/ld+json\" class=\"yoast-schema-graph\">{\"@context\":\"https:\/\/schema.org\",\"@graph\":[{\"@type\":\"WebPage\",\"@id\":\"https:\/\/campingsigean.com\/es\/nuestras-sedes\/\",\"url\":\"https:\/\/campingsigean.com\/es\/nuestras-sedes\/\",\"name\":\"Alquiler parcelas Sigean | Alquiler parcelas en Aude\",\"isPartOf\":{\"@id\":\"https:\/\/campingsigean.com\/es\/#website\"},\"primaryImageOfPage\":{\"@id\":\"https:\/\/campingsigean.com\/es\/nuestras-sedes\/#primaryimage\"},\"image\":{\"@id\":\"https:\/\/campingsigean.com\/es\/nuestras-sedes\/#primaryimage\"},\"thumbnailUrl\":\"https:\/\/campingsigean.com\/wp-content\/uploads\/2021\/10\/louer-emplacement-aude.jpg\",\"datePublished\":\"2021-09-10T14:04:20+00:00\",\"dateModified\":\"2023-05-22T13:09:50+00:00\",\"breadcrumb\":{\"@id\":\"https:\/\/campingsigean.com\/es\/nuestras-sedes\/#breadcrumb\"},\"inLanguage\":\"es\",\"potentialAction\":[{\"@type\":\"ReadAction\",\"target\":[\"https:\/\/campingsigean.com\/es\/nuestras-sedes\/\"]}]},{\"@type\":\"ImageObject\",\"inLanguage\":\"es\",\"@id\":\"https:\/\/campingsigean.com\/es\/nuestras-sedes\/#primaryimage\",\"url\":\"https:\/\/campingsigean.com\/wp-content\/uploads\/2021\/10\/louer-emplacement-aude.jpg\",\"contentUrl\":\"https:\/\/campingsigean.com\/wp-content\/uploads\/2021\/10\/louer-emplacement-aude.jpg\",\"width\":1902,\"height\":562,\"caption\":\"louer emplacement aude\"},{\"@type\":\"BreadcrumbList\",\"@id\":\"https:\/\/campingsigean.com\/es\/nuestras-sedes\/#breadcrumb\",\"itemListElement\":[{\"@type\":\"ListItem\",\"position\":1,\"name\":\"Camping Aude\",\"item\":\"https:\/\/campingsigean.com\/es\/\"},{\"@type\":\"ListItem\",\"position\":2,\"name\":\"Alquiler de parcelas en el Aude\"}]},{\"@type\":\"WebSite\",\"@id\":\"https:\/\/campingsigean.com\/es\/#website\",\"url\":\"https:\/\/campingsigean.com\/es\/\",\"name\":\"Camping Grange Neuve\",\"description\":\"\",\"publisher\":{\"@id\":\"https:\/\/campingsigean.com\/es\/#organization\"},\"potentialAction\":[{\"@type\":\"SearchAction\",\"target\":{\"@type\":\"EntryPoint\",\"urlTemplate\":\"https:\/\/campingsigean.com\/es\/?s={search_term_string}\"},\"query-input\":{\"@type\":\"PropertyValueSpecification\",\"valueRequired\":true,\"valueName\":\"search_term_string\"}}],\"inLanguage\":\"es\"},{\"@type\":\"Organization\",\"@id\":\"https:\/\/campingsigean.com\/es\/#organization\",\"name\":\"Camping La Grange Neuve\",\"url\":\"https:\/\/campingsigean.com\/es\/\",\"logo\":{\"@type\":\"ImageObject\",\"inLanguage\":\"es\",\"@id\":\"https:\/\/campingsigean.com\/es\/#\/schema\/logo\/image\/\",\"url\":\"https:\/\/campingsigean.com\/wp-content\/uploads\/2021\/08\/cropped-logo-camping-sigean.png\",\"contentUrl\":\"https:\/\/campingsigean.com\/wp-content\/uploads\/2021\/08\/cropped-logo-camping-sigean.png\",\"width\":117,\"height\":98,\"caption\":\"Camping La Grange Neuve\"},\"image\":{\"@id\":\"https:\/\/campingsigean.com\/es\/#\/schema\/logo\/image\/\"}}]}<\/script>\n<!-- \/ Yoast SEO plugin. -->","yoast_head_json":{"title":"Alquiler parcelas Sigean | Alquiler parcelas en Aude","robots":{"index":"index","follow":"follow","max-snippet":"max-snippet:-1","max-image-preview":"max-image-preview:large","max-video-preview":"max-video-preview:-1"},"canonical":"https:\/\/campingsigean.com\/es\/nuestras-sedes\/","og_locale":"es_ES","og_type":"article","og_title":"Alquiler parcelas Sigean | Alquiler parcelas en Aude","og_url":"https:\/\/campingsigean.com\/es\/nuestras-sedes\/","og_site_name":"Camping Grange Neuve","article_modified_time":"2023-05-22T13:09:50+00:00","og_image":[{"width":1902,"height":562,"url":"https:\/\/campingsigean.com\/wp-content\/uploads\/2021\/10\/louer-emplacement-aude.jpg","type":"image\/jpeg"}],"twitter_card":"summary_large_image","twitter_misc":{"Tiempo de lectura":"4 minutos"},"schema":{"@context":"https:\/\/schema.org","@graph":[{"@type":"WebPage","@id":"https:\/\/campingsigean.com\/es\/nuestras-sedes\/","url":"https:\/\/campingsigean.com\/es\/nuestras-sedes\/","name":"Alquiler parcelas Sigean | Alquiler parcelas en Aude","isPartOf":{"@id":"https:\/\/campingsigean.com\/es\/#website"},"primaryImageOfPage":{"@id":"https:\/\/campingsigean.com\/es\/nuestras-sedes\/#primaryimage"},"image":{"@id":"https:\/\/campingsigean.com\/es\/nuestras-sedes\/#primaryimage"},"thumbnailUrl":"https:\/\/campingsigean.com\/wp-content\/uploads\/2021\/10\/louer-emplacement-aude.jpg","datePublished":"2021-09-10T14:04:20+00:00","dateModified":"2023-05-22T13:09:50+00:00","breadcrumb":{"@id":"https:\/\/campingsigean.com\/es\/nuestras-sedes\/#breadcrumb"},"inLanguage":"es","potentialAction":[{"@type":"ReadAction","target":["https:\/\/campingsigean.com\/es\/nuestras-sedes\/"]}]},{"@type":"ImageObject","inLanguage":"es","@id":"https:\/\/campingsigean.com\/es\/nuestras-sedes\/#primaryimage","url":"https:\/\/campingsigean.com\/wp-content\/uploads\/2021\/10\/louer-emplacement-aude.jpg","contentUrl":"https:\/\/campingsigean.com\/wp-content\/uploads\/2021\/10\/louer-emplacement-aude.jpg","width":1902,"height":562,"caption":"louer emplacement aude"},{"@type":"BreadcrumbList","@id":"https:\/\/campingsigean.com\/es\/nuestras-sedes\/#breadcrumb","itemListElement":[{"@type":"ListItem","position":1,"name":"Camping Aude","item":"https:\/\/campingsigean.com\/es\/"},{"@type":"ListItem","position":2,"name":"Alquiler de parcelas en el Aude"}]},{"@type":"WebSite","@id":"https:\/\/campingsigean.com\/es\/#website","url":"https:\/\/campingsigean.com\/es\/","name":"Camping Grange Neuve","description":"","publisher":{"@id":"https:\/\/campingsigean.com\/es\/#organization"},"potentialAction":[{"@type":"SearchAction","target":{"@type":"EntryPoint","urlTemplate":"https:\/\/campingsigean.com\/es\/?s={search_term_string}"},"query-input":{"@type":"PropertyValueSpecification","valueRequired":true,"valueName":"search_term_string"}}],"inLanguage":"es"},{"@type":"Organization","@id":"https:\/\/campingsigean.com\/es\/#organization","name":"Camping La Grange Neuve","url":"https:\/\/campingsigean.com\/es\/","logo":{"@type":"ImageObject","inLanguage":"es","@id":"https:\/\/campingsigean.com\/es\/#\/schema\/logo\/image\/","url":"https:\/\/campingsigean.com\/wp-content\/uploads\/2021\/08\/cropped-logo-camping-sigean.png","contentUrl":"https:\/\/campingsigean.com\/wp-content\/uploads\/2021\/08\/cropped-logo-camping-sigean.png","width":117,"height":98,"caption":"Camping La Grange Neuve"},"image":{"@id":"https:\/\/campingsigean.com\/es\/#\/schema\/logo\/image\/"}}]}},"_links":{"self":[{"href":"https:\/\/campingsigean.com\/es\/wp-json\/wp\/v2\/pages\/4496"}],"collection":[{"href":"https:\/\/campingsigean.com\/es\/wp-json\/wp\/v2\/pages"}],"about":[{"href":"https:\/\/campingsigean.com\/es\/wp-json\/wp\/v2\/types\/page"}],"author":[{"embeddable":true,"href":"https:\/\/campingsigean.com\/es\/wp-json\/wp\/v2\/users\/1"}],"replies":[{"embeddable":true,"href":"https:\/\/campingsigean.com\/es\/wp-json\/wp\/v2\/comments?post=4496"}],"version-history":[{"count":31,"href":"https:\/\/campingsigean.com\/es\/wp-json\/wp\/v2\/pages\/4496\/revisions"}],"predecessor-version":[{"id":11202,"href":"https:\/\/campingsigean.com\/es\/wp-json\/wp\/v2\/pages\/4496\/revisions\/11202"}],"wp:featuredmedia":[{"embeddable":true,"href":"https:\/\/campingsigean.com\/es\/wp-json\/wp\/v2\/media\/5515"}],"wp:attachment":[{"href":"https:\/\/campingsigean.com\/es\/wp-json\/wp\/v2\/media?parent=4496"}],"wp:term":[{"taxonomy":"sujet","embeddable":true,"href":"https:\/\/campingsigean.com\/es\/wp-json\/wp\/v2\/sujet?post=4496"}],"curies":[{"name":"wp","href":"https:\/\/api.w.org\/{rel}","templated":true}]}}